{"id":1310,"date":"2018-11-27T09:17:28","date_gmt":"2018-11-27T09:17:28","guid":{"rendered":"https:\/\/websitedemos.net\/discover-outdoors\/?page_id=6"},"modified":"2024-09-21T12:06:59","modified_gmt":"2024-09-21T11:06:59","slug":"services","status":"publish","type":"page","link":"https:\/\/www.ecoledesecoles.eu\/fr\/services\/","title":{"rendered":"Services"},"content":{"rendered":"<div data-elementor-type=\"wp-post\" data-elementor-id=\"1310\" class=\"elementor elementor-1310\">\n\t\t\t\t\t\t<section class=\"elementor-section elementor-top-section elementor-element elementor-element-33a79095 animated-slow elementor-section-boxed elementor-section-height-default elementor-section-height-default elementor-invisible\" data-id=\"33a79095\" data-element_type=\"section\" data-settings=\"{&quot;background_background&quot;:&quot;classic&quot;,&quot;animation&quot;:&quot;fadeIn&quot;}\">\n\t\t\t\t\t\t\t<div class=\"elementor-background-overlay\"><\/div>\n\t\t\t\t\t\t\t<div class=\"elementor-container elementor-column-gap-default\">\n\t\t\t\t\t<div class=\"elementor-column elementor-col-33 elementor-top-column elementor-element elementor-element-b7194dc\" data-id=\"b7194dc\" data-element_type=\"column\">\n\t\t\t<div class=\"elementor-widget-wrap\">\n\t\t\t\t\t\t\t<\/div>\n\t\t<\/div>\n\t\t\t\t<div class=\"elementor-column elementor-col-33 elementor-top-column elementor-element elementor-element-3706530d\" data-id=\"3706530d\" data-element_type=\"column\">\n\t\t\t<div class=\"elementor-widget-wrap elementor-element-populated\">\n\t\t\t\t\t\t<div class=\"elementor-element elementor-element-4fff9b0b elementor-widget elementor-widget-icon-box\" data-id=\"4fff9b0b\" data-element_type=\"widget\" data-widget_type=\"icon-box.default\">\n\t\t\t\t<div class=\"elementor-widget-container\">\n\t\t\t\t\t\t\t<div class=\"elementor-icon-box-wrapper\">\n\n\t\t\t\n\t\t\t\t\t\t<div class=\"elementor-icon-box-content\">\n\n\t\t\t\t\t\t\t\t\t<h1 class=\"elementor-icon-box-title\">\n\t\t\t\t\t\t<span  >\n\t\t\t\t\t\t\tPartner schools\t\t\t\t\t\t<\/span>\n\t\t\t\t\t<\/h1>\n\t\t\t\t\n\t\t\t\t\n\t\t\t<\/div>\n\t\t\t\n\t\t<\/div>\n\t\t\t\t\t\t<\/div>\n\t\t\t\t<\/div>\n\t\t\t\t\t<\/div>\n\t\t<\/div>\n\t\t\t\t<div class=\"elementor-column elementor-col-33 elementor-top-column elementor-element elementor-element-4788e5dc\" data-id=\"4788e5dc\" data-element_type=\"column\">\n\t\t\t<div class=\"elementor-widget-wrap\">\n\t\t\t\t\t\t\t<\/div>\n\t\t<\/div>\n\t\t\t\t\t<\/div>\n\t\t<\/section>\n\t\t\t\t<section class=\"elementor-section elementor-top-section elementor-element elementor-element-903a29c elementor-section-boxed elementor-section-height-default elementor-section-height-default\" data-id=\"903a29c\" data-element_type=\"section\">\n\t\t\t\t\t\t<div class=\"elementor-container elementor-column-gap-default\">\n\t\t\t\t\t<div class=\"elementor-column elementor-col-100 elementor-top-column elementor-element elementor-element-1723bda\" data-id=\"1723bda\" data-element_type=\"column\">\n\t\t\t<div class=\"elementor-widget-wrap elementor-element-populated\">\n\t\t\t\t\t\t<div class=\"elementor-element elementor-element-9e7fec3 elementor-widget elementor-widget-heading\" data-id=\"9e7fec3\" data-element_type=\"widget\" data-widget_type=\"heading.default\">\n\t\t\t\t<div class=\"elementor-widget-container\">\n\t\t\t\t\t<h2 class=\"elementor-heading-title elementor-size-small\"><p>Photo \u00a9 <i>Accademia dei Filodrammatici <\/i><span style=\"font-size: 10px;font-weight: 100;letter-spacing: -1.1px\"><\/span><\/p><\/h2>\t\t\t\t<\/div>\n\t\t\t\t<\/div>\n\t\t\t\t\t<\/div>\n\t\t<\/div>\n\t\t\t\t\t<\/div>\n\t\t<\/section>\n\t\t\t\t<section class=\"elementor-section elementor-top-section elementor-element elementor-element-2dbed9a elementor-section-boxed elementor-section-height-default elementor-section-height-default\" data-id=\"2dbed9a\" data-element_type=\"section\">\n\t\t\t\t\t\t<div class=\"elementor-container elementor-column-gap-default\">\n\t\t\t\t\t<div class=\"elementor-column elementor-col-33 elementor-top-column elementor-element elementor-element-c54645a\" data-id=\"c54645a\" data-element_type=\"column\">\n\t\t\t<div class=\"elementor-widget-wrap\">\n\t\t\t\t\t\t\t<\/div>\n\t\t<\/div>\n\t\t\t\t<div class=\"elementor-column elementor-col-33 elementor-top-column elementor-element elementor-element-1ca627b\" data-id=\"1ca627b\" data-element_type=\"column\">\n\t\t\t<div class=\"elementor-widget-wrap elementor-element-populated\">\n\t\t\t\t\t\t<div class=\"elementor-element elementor-element-42fd904 elementor-widget elementor-widget-heading\" data-id=\"42fd904\" data-element_type=\"widget\" data-widget_type=\"heading.default\">\n\t\t\t\t<div class=\"elementor-widget-container\">\n\t\t\t\t\t<h2 class=\"elementor-heading-title elementor-size-default\">Nos \u00e9coles partenaires<\/h2>\t\t\t\t<\/div>\n\t\t\t\t<\/div>\n\t\t\t\t<div class=\"elementor-element elementor-element-432499d elementor-widget-divider--view-line elementor-widget elementor-widget-divider\" data-id=\"432499d\" data-element_type=\"widget\" data-widget_type=\"divider.default\">\n\t\t\t\t<div class=\"elementor-widget-container\">\n\t\t\t\t\t\t\t<div class=\"elementor-divider\">\n\t\t\t<span class=\"elementor-divider-separator\">\n\t\t\t\t\t\t<\/span>\n\t\t<\/div>\n\t\t\t\t\t\t<\/div>\n\t\t\t\t<\/div>\n\t\t\t\t\t<\/div>\n\t\t<\/div>\n\t\t\t\t<div class=\"elementor-column elementor-col-33 elementor-top-column elementor-element elementor-element-92a5c23\" data-id=\"92a5c23\" data-element_type=\"column\">\n\t\t\t<div class=\"elementor-widget-wrap\">\n\t\t\t\t\t\t\t<\/div>\n\t\t<\/div>\n\t\t\t\t\t<\/div>\n\t\t<\/section>\n\t\t\t\t<section class=\"elementor-section elementor-top-section elementor-element elementor-element-dbf0d48 elementor-section-boxed elementor-section-height-default elementor-section-height-default\" data-id=\"dbf0d48\" data-element_type=\"section\">\n\t\t\t\t\t\t<div class=\"elementor-container elementor-column-gap-default\">\n\t\t\t\t\t<div class=\"elementor-column elementor-col-33 elementor-top-column elementor-element elementor-element-cb8536d\" data-id=\"cb8536d\" data-element_type=\"column\">\n\t\t\t<div class=\"elementor-widget-wrap elementor-element-populated\">\n\t\t\t\t\t\t<div class=\"elementor-element elementor-element-5a3d14c elementor-absolute elementor-widget elementor-widget-image\" data-id=\"5a3d14c\" data-element_type=\"widget\" data-settings=\"{&quot;_position&quot;:&quot;absolute&quot;}\" data-widget_type=\"image.default\">\n\t\t\t\t<div class=\"elementor-widget-container\">\n\t\t\t\t\t\t\t\t\t\t\t\t\t\t\t\t<a href=\"http:\/\/www.accademiadeifilodrammatici.it\">\n\t\t\t\t\t\t\t<img fetchpriority=\"high\" decoding=\"async\" width=\"1024\" height=\"282\" src=\"https:\/\/www.ecoledesecoles.eu\/wp-content\/uploads\/2020\/01\/LOGO-ACCADEMIA-DEI-FILODRAMMATICI-NERO-1024x282.png\" class=\"elementor-animation-shrink attachment-large size-large wp-image-1457\" alt=\"\" srcset=\"https:\/\/www.ecoledesecoles.eu\/wp-content\/uploads\/2020\/01\/LOGO-ACCADEMIA-DEI-FILODRAMMATICI-NERO-1024x282.png 1024w, https:\/\/www.ecoledesecoles.eu\/wp-content\/uploads\/2020\/01\/LOGO-ACCADEMIA-DEI-FILODRAMMATICI-NERO-300x83.png 300w, https:\/\/www.ecoledesecoles.eu\/wp-content\/uploads\/2020\/01\/LOGO-ACCADEMIA-DEI-FILODRAMMATICI-NERO-768x211.png 768w, https:\/\/www.ecoledesecoles.eu\/wp-content\/uploads\/2020\/01\/LOGO-ACCADEMIA-DEI-FILODRAMMATICI-NERO.png 1040w\" sizes=\"(max-width: 1024px) 100vw, 1024px\" \/>\t\t\t\t\t\t\t\t<\/a>\n\t\t\t\t\t\t\t\t\t\t\t\t\t\t\t<\/div>\n\t\t\t\t<\/div>\n\t\t\t\t\t<\/div>\n\t\t<\/div>\n\t\t\t\t<div class=\"elementor-column elementor-col-66 elementor-top-column elementor-element elementor-element-5e98f69\" data-id=\"5e98f69\" data-element_type=\"column\">\n\t\t\t<div class=\"elementor-widget-wrap elementor-element-populated\">\n\t\t\t\t\t\t<div class=\"elementor-element elementor-element-b37bec4 elementor-widget elementor-widget-text-editor\" data-id=\"b37bec4\" data-element_type=\"widget\" data-widget_type=\"text-editor.default\">\n\t\t\t\t<div class=\"elementor-widget-container\">\n\t\t\t\t\t\t\t\t\t<h5>Accademia dei Filodrammatici di Milano<\/h5><p>Fond\u00e9e en 1796, c'est l'une des plus anciennes \u00e9coles d'arts du spectacle en Europe, et aussi l'une des fondatrices d'\u00c9coles des \u00c9coles.<br \/>L'\u00e9cole forme des acteurs \u00e0 travers des cours d'\u00e9locution, de jeu d'acteur, de parole, de voix, de mouvement, de masque, de danse moderne, de chant et de culture th\u00e9\u00e2trale, chacun d'eux d'une dur\u00e9e de deux ans.<br \/>En plus du programme institutionnel d'\u00e9tudes, l'Accademia organise des cours de sp\u00e9cialisation ouverts aux acteurs dipl\u00f4m\u00e9s et \u00e0 d'autres professionnels du th\u00e9\u00e2tre.\u00a0<\/p><p>\u00a0<\/p>\t\t\t\t\t\t\t\t<\/div>\n\t\t\t\t<\/div>\n\t\t\t\t\t<\/div>\n\t\t<\/div>\n\t\t\t\t\t<\/div>\n\t\t<\/section>\n\t\t\t\t<section class=\"elementor-section elementor-top-section elementor-element elementor-element-e4b8da9 elementor-section-boxed elementor-section-height-default elementor-section-height-default\" data-id=\"e4b8da9\" data-element_type=\"section\">\n\t\t\t\t\t\t<div class=\"elementor-container elementor-column-gap-default\">\n\t\t\t\t\t<div class=\"elementor-column elementor-col-33 elementor-top-column elementor-element elementor-element-207d535\" data-id=\"207d535\" data-element_type=\"column\">\n\t\t\t<div class=\"elementor-widget-wrap elementor-element-populated\">\n\t\t\t\t\t\t<div class=\"elementor-element elementor-element-3ec2740 elementor-absolute elementor-widget elementor-widget-image\" data-id=\"3ec2740\" data-element_type=\"widget\" data-settings=\"{&quot;_position&quot;:&quot;absolute&quot;}\" data-widget_type=\"image.default\">\n\t\t\t\t<div class=\"elementor-widget-container\">\n\t\t\t\t\t\t\t\t\t\t\t\t\t\t\t\t<a href=\"https:\/\/www.artez.nl\/en\/course\/music-theatre-master\">\n\t\t\t\t\t\t\t<img decoding=\"async\" width=\"300\" height=\"84\" src=\"https:\/\/www.ecoledesecoles.eu\/wp-content\/uploads\/2020\/02\/ArtEZ-logo-EN-2-regels.jpg\" class=\"elementor-animation-shrink attachment-large size-large wp-image-1463\" alt=\"\" \/>\t\t\t\t\t\t\t\t<\/a>\n\t\t\t\t\t\t\t\t\t\t\t\t\t\t\t<\/div>\n\t\t\t\t<\/div>\n\t\t\t\t\t<\/div>\n\t\t<\/div>\n\t\t\t\t<div class=\"elementor-column elementor-col-66 elementor-top-column elementor-element elementor-element-166329a\" data-id=\"166329a\" data-element_type=\"column\">\n\t\t\t<div class=\"elementor-widget-wrap elementor-element-populated\">\n\t\t\t\t\t\t<div class=\"elementor-element elementor-element-b113406 elementor-widget elementor-widget-text-editor\" data-id=\"b113406\" data-element_type=\"widget\" data-widget_type=\"text-editor.default\">\n\t\t\t\t<div class=\"elementor-widget-container\">\n\t\t\t\t\t\t\t\t\t<h5> ArtEZ University of the Arts<\/h5> L'ArtEZ University of the Arts pr\u00e9pare les \u00e9tudiants \u00e0 se produire au plus haut niveau en tant qu'artistes professionnels, designers ou enseignants, dans une large gamme de contextes tels que les arts visuels, le design, l'architecture, la musique, la danse et le th\u00e9\u00e2tre. ArtEZ repr\u00e9sente un standard de qualit\u00e9 reconnu internationalement dans l'enseignement artistique. Les dipl\u00f4m\u00e9s ont d\u00e9velopp\u00e9 leur art et leur savoir-faire, et ont appris \u00e0 impr\u00e9gner leur art de sens soci\u00e9tal en travaillant avec d'autres. Ils sont pr\u00eats pour la pratique professionnelle au plus haut niveau et dans un contexte international.\t\t\t\t\t\t\t\t<\/div>\n\t\t\t\t<\/div>\n\t\t\t\t\t<\/div>\n\t\t<\/div>\n\t\t\t\t\t<\/div>\n\t\t<\/section>\n\t\t\t\t<section class=\"elementor-section elementor-top-section elementor-element elementor-element-db8420c elementor-section-boxed elementor-section-height-default elementor-section-height-default\" data-id=\"db8420c\" data-element_type=\"section\">\n\t\t\t\t\t\t<div class=\"elementor-container elementor-column-gap-default\">\n\t\t\t\t\t<div class=\"elementor-column elementor-col-33 elementor-top-column elementor-element elementor-element-9c1158c\" data-id=\"9c1158c\" data-element_type=\"column\">\n\t\t\t<div class=\"elementor-widget-wrap elementor-element-populated\">\n\t\t\t\t\t\t<div class=\"elementor-element elementor-element-5ee8bdf elementor-absolute elementor-widget elementor-widget-image\" data-id=\"5ee8bdf\" data-element_type=\"widget\" data-settings=\"{&quot;_position&quot;:&quot;absolute&quot;}\" data-widget_type=\"image.default\">\n\t\t\t\t<div class=\"elementor-widget-container\">\n\t\t\t\t\t\t\t\t\t\t\t\t\t\t\t\t<a href=\"https:\/\/ddsks.dk\/en\/\">\n\t\t\t\t\t\t\t<img decoding=\"async\" width=\"1024\" height=\"718\" src=\"https:\/\/www.ecoledesecoles.eu\/wp-content\/uploads\/2020\/01\/navnetr\u00aak-1024x718.jpg\" class=\"elementor-animation-shrink attachment-large size-large wp-image-1450\" alt=\"\" srcset=\"https:\/\/www.ecoledesecoles.eu\/wp-content\/uploads\/2020\/01\/navnetr\u00aak-1024x718.jpg 1024w, https:\/\/www.ecoledesecoles.eu\/wp-content\/uploads\/2020\/01\/navnetr\u00aak-300x210.jpg 300w, https:\/\/www.ecoledesecoles.eu\/wp-content\/uploads\/2020\/01\/navnetr\u00aak-768x538.jpg 768w\" sizes=\"(max-width: 1024px) 100vw, 1024px\" \/>\t\t\t\t\t\t\t\t<\/a>\n\t\t\t\t\t\t\t\t\t\t\t\t\t\t\t<\/div>\n\t\t\t\t<\/div>\n\t\t\t\t\t<\/div>\n\t\t<\/div>\n\t\t\t\t<div class=\"elementor-column elementor-col-66 elementor-top-column elementor-element elementor-element-39cd4ef\" data-id=\"39cd4ef\" data-element_type=\"column\">\n\t\t\t<div class=\"elementor-widget-wrap elementor-element-populated\">\n\t\t\t\t\t\t<div class=\"elementor-element elementor-element-c49e8d1 elementor-widget elementor-widget-text-editor\" data-id=\"c49e8d1\" data-element_type=\"widget\" data-widget_type=\"text-editor.default\">\n\t\t\t\t<div class=\"elementor-widget-container\">\n\t\t\t\t\t\t\t\t\t<h5>The Danish National School of Performing Arts<\/h5><p>L'\u00e9cole propose des programmes d'enseignement au niveau BA et MA. Le DASPA forme des dipl\u00f4m\u00e9s qui poss\u00e9deront une connaissance approfondie de leur propre domaine d'\u00e9tudes et qui ma\u00eetriseront en m\u00eame temps une mentalit\u00e9 interdisciplinaire et entrepreneuriale. Les programmes sont orient\u00e9s vers un champ d'emploi \u00e9largi pour les artistes de la sc\u00e8ne et les cr\u00e9ateurs, et incluent des connaissances, des comp\u00e9tences et des aptitudes dans l'ensemble du domaine des arts du spectacle. Les programmes se caract\u00e9risent par une interaction \u00e9troite entre la pratique, la th\u00e9orie et la r\u00e9flexion, et le contenu sp\u00e9cifique est bas\u00e9 sur des connaissances artistiques.<\/p><p>\u00a0<\/p>\t\t\t\t\t\t\t\t<\/div>\n\t\t\t\t<\/div>\n\t\t\t\t\t<\/div>\n\t\t<\/div>\n\t\t\t\t\t<\/div>\n\t\t<\/section>\n\t\t\t\t<section class=\"elementor-section elementor-top-section elementor-element elementor-element-714b377 elementor-section-boxed elementor-section-height-default elementor-section-height-default\" data-id=\"714b377\" data-element_type=\"section\">\n\t\t\t\t\t\t<div class=\"elementor-container elementor-column-gap-default\">\n\t\t\t\t\t<div class=\"elementor-column elementor-col-33 elementor-top-column elementor-element elementor-element-67ba214\" data-id=\"67ba214\" data-element_type=\"column\">\n\t\t\t<div class=\"elementor-widget-wrap elementor-element-populated\">\n\t\t\t\t\t\t<div class=\"elementor-element elementor-element-a69c869 elementor-widget elementor-widget-image\" data-id=\"a69c869\" data-element_type=\"widget\" data-widget_type=\"image.default\">\n\t\t\t\t<div class=\"elementor-widget-container\">\n\t\t\t\t\t\t\t\t\t\t\t\t\t\t\t\t<a href=\"https:\/\/www.ensatt.fr\/\">\n\t\t\t\t\t\t\t<img loading=\"lazy\" decoding=\"async\" width=\"314\" height=\"1024\" src=\"https:\/\/www.ecoledesecoles.eu\/wp-content\/uploads\/2020\/06\/Logo-ENSATT-Vertical-RVB-Traits-Noir-314x1024.png\" class=\"elementor-animation-shrink attachment-large size-large wp-image-1477\" alt=\"\" srcset=\"https:\/\/www.ecoledesecoles.eu\/wp-content\/uploads\/2020\/06\/Logo-ENSATT-Vertical-RVB-Traits-Noir-314x1024.png 314w, https:\/\/www.ecoledesecoles.eu\/wp-content\/uploads\/2020\/06\/Logo-ENSATT-Vertical-RVB-Traits-Noir-92x300.png 92w, https:\/\/www.ecoledesecoles.eu\/wp-content\/uploads\/2020\/06\/Logo-ENSATT-Vertical-RVB-Traits-Noir.png 504w\" sizes=\"(max-width: 314px) 100vw, 314px\" \/>\t\t\t\t\t\t\t\t<\/a>\n\t\t\t\t\t\t\t\t\t\t\t\t\t\t\t<\/div>\n\t\t\t\t<\/div>\n\t\t\t\t\t<\/div>\n\t\t<\/div>\n\t\t\t\t<div class=\"elementor-column elementor-col-66 elementor-top-column elementor-element elementor-element-5b65009\" data-id=\"5b65009\" data-element_type=\"column\">\n\t\t\t<div class=\"elementor-widget-wrap elementor-element-populated\">\n\t\t\t\t\t\t<div class=\"elementor-element elementor-element-b0d847c elementor-widget elementor-widget-text-editor\" data-id=\"b0d847c\" data-element_type=\"widget\" data-widget_type=\"text-editor.default\">\n\t\t\t\t<div class=\"elementor-widget-container\">\n\t\t\t\t\t\t\t\t\t<h5>ENSATT<\/h5><p>L'ENSATT est une \u00e9cole de th\u00e9\u00e2tre unique en Europe. Sous un m\u00eame toit, dix m\u00e9tiers du th\u00e9\u00e2tre y sont enseign\u00e9s. Chaque d\u00e9partement de formation est dirig\u00e9 par un ou plusieurs professionnels actifs, entour\u00e9s d'une \u00e9quipe d'intervenants, chacun sp\u00e9cialis\u00e9 dans un domaine artistique ou technique.<\/p><p>\u00a0<\/p>\t\t\t\t\t\t\t\t<\/div>\n\t\t\t\t<\/div>\n\t\t\t\t\t<\/div>\n\t\t<\/div>\n\t\t\t\t\t<\/div>\n\t\t<\/section>\n\t\t\t\t<section class=\"elementor-section elementor-top-section elementor-element elementor-element-81ff649 elementor-section-boxed elementor-section-height-default elementor-section-height-default\" data-id=\"81ff649\" data-element_type=\"section\">\n\t\t\t\t\t\t<div class=\"elementor-container elementor-column-gap-default\">\n\t\t\t\t\t<div class=\"elementor-column elementor-col-33 elementor-top-column elementor-element elementor-element-6783129\" data-id=\"6783129\" data-element_type=\"column\">\n\t\t\t<div class=\"elementor-widget-wrap elementor-element-populated\">\n\t\t\t\t\t\t<div class=\"elementor-element elementor-element-da8da73 elementor-absolute elementor-widget elementor-widget-image\" data-id=\"da8da73\" data-element_type=\"widget\" data-settings=\"{&quot;_position&quot;:&quot;absolute&quot;}\" data-widget_type=\"image.default\">\n\t\t\t\t<div class=\"elementor-widget-container\">\n\t\t\t\t\t\t\t\t\t\t\t\t\t\t\t\t<a href=\"https:\/\/www.estc.ipl.pt\/\">\n\t\t\t\t\t\t\t<img loading=\"lazy\" decoding=\"async\" width=\"768\" height=\"378\" src=\"https:\/\/www.ecoledesecoles.eu\/wp-content\/uploads\/2020\/04\/LogoESTC_png-768x378.png\" class=\"elementor-animation-shrink attachment-medium_large size-medium_large wp-image-1471\" alt=\"\" srcset=\"https:\/\/www.ecoledesecoles.eu\/wp-content\/uploads\/2020\/04\/LogoESTC_png-768x378.png 768w, https:\/\/www.ecoledesecoles.eu\/wp-content\/uploads\/2020\/04\/LogoESTC_png-300x148.png 300w, https:\/\/www.ecoledesecoles.eu\/wp-content\/uploads\/2020\/04\/LogoESTC_png-1024x504.png 1024w, https:\/\/www.ecoledesecoles.eu\/wp-content\/uploads\/2020\/04\/LogoESTC_png-1536x756.png 1536w, https:\/\/www.ecoledesecoles.eu\/wp-content\/uploads\/2020\/04\/LogoESTC_png.png 1545w\" sizes=\"(max-width: 768px) 100vw, 768px\" \/>\t\t\t\t\t\t\t\t<\/a>\n\t\t\t\t\t\t\t\t\t\t\t\t\t\t\t<\/div>\n\t\t\t\t<\/div>\n\t\t\t\t\t<\/div>\n\t\t<\/div>\n\t\t\t\t<div class=\"elementor-column elementor-col-66 elementor-top-column elementor-element elementor-element-23f2658\" data-id=\"23f2658\" data-element_type=\"column\">\n\t\t\t<div class=\"elementor-widget-wrap elementor-element-populated\">\n\t\t\t\t\t\t<div class=\"elementor-element elementor-element-761f1bf elementor-widget elementor-widget-text-editor\" data-id=\"761f1bf\" data-element_type=\"widget\" data-widget_type=\"text-editor.default\">\n\t\t\t\t<div class=\"elementor-widget-container\">\n\t\t\t\t\t\t\t\t\t<h5>Escola Superior de Teatro e Cinema<\/h5><p>Les objectifs du <em>Escola Superior de Teatro e Cinema<\/em>selon ses statuts, sont la formation de professionnels hautement qualifi\u00e9s, les activit\u00e9s de recherche, les exp\u00e9rimentations artistiques et la production, le lancement ou la participation \u00e0 des projets de d\u00e9veloppement et l'engagement communautaire.<\/p><p>\u00a0<\/p>\t\t\t\t\t\t\t\t<\/div>\n\t\t\t\t<\/div>\n\t\t\t\t\t<\/div>\n\t\t<\/div>\n\t\t\t\t\t<\/div>\n\t\t<\/section>\n\t\t\t\t<section class=\"elementor-section elementor-top-section elementor-element elementor-element-54d97fc elementor-section-boxed elementor-section-height-default elementor-section-height-default\" data-id=\"54d97fc\" data-element_type=\"section\">\n\t\t\t\t\t\t<div class=\"elementor-container elementor-column-gap-default\">\n\t\t\t\t\t<div class=\"elementor-column elementor-col-33 elementor-top-column elementor-element elementor-element-46ab5d3\" data-id=\"46ab5d3\" data-element_type=\"column\">\n\t\t\t<div class=\"elementor-widget-wrap elementor-element-populated\">\n\t\t\t\t\t\t<div class=\"elementor-element elementor-element-682dc77 elementor-absolute elementor-widget elementor-widget-image\" data-id=\"682dc77\" data-element_type=\"widget\" data-settings=\"{&quot;_position&quot;:&quot;absolute&quot;}\" data-widget_type=\"image.default\">\n\t\t\t\t<div class=\"elementor-widget-container\">\n\t\t\t\t\t\t\t\t\t\t\t\t\t\t\t\t<a href=\"http:\/\/www.folkwang-uni.de\">\n\t\t\t\t\t\t\t<img loading=\"lazy\" decoding=\"async\" width=\"1024\" height=\"285\" src=\"https:\/\/www.ecoledesecoles.eu\/wp-content\/uploads\/2019\/11\/Folkwang-1024x285.jpg\" class=\"elementor-animation-shrink attachment-large size-large wp-image-1419\" alt=\"\" srcset=\"https:\/\/www.ecoledesecoles.eu\/wp-content\/uploads\/2019\/11\/Folkwang-1024x285.jpg 1024w, https:\/\/www.ecoledesecoles.eu\/wp-content\/uploads\/2019\/11\/Folkwang-300x84.jpg 300w, https:\/\/www.ecoledesecoles.eu\/wp-content\/uploads\/2019\/11\/Folkwang-768x214.jpg 768w\" sizes=\"(max-width: 1024px) 100vw, 1024px\" \/>\t\t\t\t\t\t\t\t<\/a>\n\t\t\t\t\t\t\t\t\t\t\t\t\t\t\t<\/div>\n\t\t\t\t<\/div>\n\t\t\t\t\t<\/div>\n\t\t<\/div>\n\t\t\t\t<div class=\"elementor-column elementor-col-66 elementor-top-column elementor-element elementor-element-fc39cbd\" data-id=\"fc39cbd\" data-element_type=\"column\">\n\t\t\t<div class=\"elementor-widget-wrap elementor-element-populated\">\n\t\t\t\t\t\t<div class=\"elementor-element elementor-element-811d722 elementor-widget elementor-widget-text-editor\" data-id=\"811d722\" data-element_type=\"widget\" data-widget_type=\"text-editor.default\">\n\t\t\t\t<div class=\"elementor-widget-container\">\n\t\t\t\t\t\t\t\t\t<h5>The Folkwang University of the Arts<\/h5><p>L'Universit\u00e9 des Arts de Folkwang est le lieu central de la formation artistique en musique, th\u00e9\u00e2tre, danse, design et \u00e9tudes acad\u00e9miques. Conform\u00e9ment \u00e0 l'id\u00e9e de Folkwang de l'interaction interdisciplinaire des arts, une pluralit\u00e9 de formes et de disciplines artistiques ont \u00e9t\u00e9 r\u00e9unies sous un m\u00eame toit ici depuis 1927. Les \u00e9tudiants des programmes de photographie, de design de communication et de design industriel ont \u00e9t\u00e9 r\u00e9int\u00e9gr\u00e9s depuis 2007. Aujourd'hui, il existe des campus et des lieux Folkwang \u00e0 Essen, Duisbourg, Bochum et Dortmund.<\/p><p>\u00a0<\/p>\t\t\t\t\t\t\t\t<\/div>\n\t\t\t\t<\/div>\n\t\t\t\t\t<\/div>\n\t\t<\/div>\n\t\t\t\t\t<\/div>\n\t\t<\/section>\n\t\t\t\t<section class=\"elementor-section elementor-top-section elementor-element elementor-element-23bd1d2 elementor-section-boxed elementor-section-height-default elementor-section-height-default\" data-id=\"23bd1d2\" data-element_type=\"section\">\n\t\t\t\t\t\t<div class=\"elementor-container elementor-column-gap-default\">\n\t\t\t\t\t<div class=\"elementor-column elementor-col-33 elementor-top-column elementor-element elementor-element-9ab4e43\" data-id=\"9ab4e43\" data-element_type=\"column\">\n\t\t\t<div class=\"elementor-widget-wrap elementor-element-populated\">\n\t\t\t\t\t\t<div class=\"elementor-element elementor-element-9c6ef65 elementor-widget elementor-widget-image\" data-id=\"9c6ef65\" data-element_type=\"widget\" data-widget_type=\"image.default\">\n\t\t\t\t<div class=\"elementor-widget-container\">\n\t\t\t\t\t\t\t\t\t\t\t\t\t\t\t\t<a href=\"https:\/\/www.gsmd.ac.uk\">\n\t\t\t\t\t\t\t<img loading=\"lazy\" decoding=\"async\" width=\"530\" height=\"236\" src=\"https:\/\/www.ecoledesecoles.eu\/wp-content\/uploads\/2013\/03\/GuildhallSchool-Black-Vertical-long.png\" class=\"elementor-animation-shrink attachment-large size-large wp-image-1208\" alt=\"Guildhall School of Music &amp; Drama\" srcset=\"https:\/\/www.ecoledesecoles.eu\/wp-content\/uploads\/2013\/03\/GuildhallSchool-Black-Vertical-long.png 530w, https:\/\/www.ecoledesecoles.eu\/wp-content\/uploads\/2013\/03\/GuildhallSchool-Black-Vertical-long-300x133.png 300w\" sizes=\"(max-width: 530px) 100vw, 530px\" \/>\t\t\t\t\t\t\t\t<\/a>\n\t\t\t\t\t\t\t\t\t\t\t\t\t\t\t<\/div>\n\t\t\t\t<\/div>\n\t\t\t\t\t<\/div>\n\t\t<\/div>\n\t\t\t\t<div class=\"elementor-column elementor-col-66 elementor-top-column elementor-element elementor-element-ffb19a8\" data-id=\"ffb19a8\" data-element_type=\"column\">\n\t\t\t<div class=\"elementor-widget-wrap elementor-element-populated\">\n\t\t\t\t\t\t<div class=\"elementor-element elementor-element-ed75d88 elementor-widget__width-inherit elementor-widget elementor-widget-text-editor\" data-id=\"ed75d88\" data-element_type=\"widget\" data-widget_type=\"text-editor.default\">\n\t\t\t\t<div class=\"elementor-widget-container\">\n\t\t\t\t\t\t\t\t\t<h5>Guildhall School of Music and Drama<\/h5><p>La Guildhall School est une communaut\u00e9 dynamique et internationale de jeunes musiciens, acteurs et artistes de la production, au c\u0153ur de la ville de Londres.<\/p><p>Class\u00e9e parmi les dix meilleures institutions d'arts du spectacle au monde et r\u00e9cemment prim\u00e9e en tant que meilleur conservatoire, la Guildhall School offre une formation professionnelle de renomm\u00e9e mondiale dans les arts du spectacle et de la production, en partenariat avec des artistes, des compagnies et des ensembles de premier plan.<\/p><p>\u00a0<\/p>\t\t\t\t\t\t\t\t<\/div>\n\t\t\t\t<\/div>\n\t\t\t\t\t<\/div>\n\t\t<\/div>\n\t\t\t\t\t<\/div>\n\t\t<\/section>\n\t\t\t\t<section class=\"elementor-section elementor-top-section elementor-element elementor-element-96f90c5 elementor-section-boxed elementor-section-height-default elementor-section-height-default\" data-id=\"96f90c5\" data-element_type=\"section\">\n\t\t\t\t\t\t<div class=\"elementor-container elementor-column-gap-default\">\n\t\t\t\t\t<div class=\"elementor-column elementor-col-33 elementor-top-column elementor-element elementor-element-70e2349\" data-id=\"70e2349\" data-element_type=\"column\">\n\t\t\t<div class=\"elementor-widget-wrap elementor-element-populated\">\n\t\t\t\t\t\t<div class=\"elementor-element elementor-element-7472a4c elementor-absolute elementor-widget elementor-widget-image\" data-id=\"7472a4c\" data-element_type=\"widget\" data-settings=\"{&quot;_position&quot;:&quot;absolute&quot;}\" data-widget_type=\"image.default\">\n\t\t\t\t<div class=\"elementor-widget-container\">\n\t\t\t\t\t\t\t\t\t\t\t\t\t\t\t\t<a href=\"https:\/\/insas.be\/\">\n\t\t\t\t\t\t\t<img loading=\"lazy\" decoding=\"async\" width=\"960\" height=\"960\" src=\"https:\/\/www.ecoledesecoles.eu\/wp-content\/uploads\/2019\/11\/12715615_812792882183679_4217374076147440994_n.jpg\" class=\"elementor-animation-shrink attachment-large size-large wp-image-1416\" alt=\"\" srcset=\"https:\/\/www.ecoledesecoles.eu\/wp-content\/uploads\/2019\/11\/12715615_812792882183679_4217374076147440994_n.jpg 960w, https:\/\/www.ecoledesecoles.eu\/wp-content\/uploads\/2019\/11\/12715615_812792882183679_4217374076147440994_n-150x150.jpg 150w, https:\/\/www.ecoledesecoles.eu\/wp-content\/uploads\/2019\/11\/12715615_812792882183679_4217374076147440994_n-300x300.jpg 300w, https:\/\/www.ecoledesecoles.eu\/wp-content\/uploads\/2019\/11\/12715615_812792882183679_4217374076147440994_n-768x768.jpg 768w\" sizes=\"(max-width: 960px) 100vw, 960px\" \/>\t\t\t\t\t\t\t\t<\/a>\n\t\t\t\t\t\t\t\t\t\t\t\t\t\t\t<\/div>\n\t\t\t\t<\/div>\n\t\t\t\t\t<\/div>\n\t\t<\/div>\n\t\t\t\t<div class=\"elementor-column elementor-col-66 elementor-top-column elementor-element elementor-element-3a2c95b\" data-id=\"3a2c95b\" data-element_type=\"column\">\n\t\t\t<div class=\"elementor-widget-wrap elementor-element-populated\">\n\t\t\t\t\t\t<div class=\"elementor-element elementor-element-911de2a elementor-widget elementor-widget-text-editor\" data-id=\"911de2a\" data-element_type=\"widget\" data-widget_type=\"text-editor.default\">\n\t\t\t\t<div class=\"elementor-widget-container\">\n\t\t\t\t\t\t\t\t\t<h5>INSAS<\/h5><p>Depuis ses cinquante ans d'existence, l'INSAS a forg\u00e9 une r\u00e9putation dans les domaines de l'audiovisuel et du th\u00e9\u00e2tre, tant en Belgique qu'\u00e0 l'\u00e9tranger. L'\u00e9cole accueille des \u00e9tudiants de tous horizons et origines, s'ouvrant \u00e0 la diversit\u00e9 des cultures et des exp\u00e9riences humaines.<\/p><p>\u00a0<\/p>\t\t\t\t\t\t\t\t<\/div>\n\t\t\t\t<\/div>\n\t\t\t\t\t<\/div>\n\t\t<\/div>\n\t\t\t\t\t<\/div>\n\t\t<\/section>\n\t\t\t\t<section class=\"elementor-section elementor-top-section elementor-element elementor-element-54fbae5 elementor-section-boxed elementor-section-height-default elementor-section-height-default\" data-id=\"54fbae5\" data-element_type=\"section\">\n\t\t\t\t\t\t<div class=\"elementor-container elementor-column-gap-default\">\n\t\t\t\t\t<div class=\"elementor-column elementor-col-33 elementor-top-column elementor-element elementor-element-79672bb\" data-id=\"79672bb\" data-element_type=\"column\">\n\t\t\t<div class=\"elementor-widget-wrap elementor-element-populated\">\n\t\t\t\t\t\t<div class=\"elementor-element elementor-element-df3815c elementor-widget elementor-widget-image\" data-id=\"df3815c\" data-element_type=\"widget\" data-widget_type=\"image.default\">\n\t\t\t\t<div class=\"elementor-widget-container\">\n\t\t\t\t\t\t\t\t\t\t\t\t\t\t\t\t<a href=\"https:\/\/www.institutdelteatre.cat\/\">\n\t\t\t\t\t\t\t<img loading=\"lazy\" decoding=\"async\" width=\"151\" height=\"200\" src=\"https:\/\/www.ecoledesecoles.eu\/wp-content\/uploads\/2020\/06\/institut-del-teatre-logo-ver-pos.jpg\" class=\"elementor-animation-shrink attachment-large size-large wp-image-1475\" alt=\"\" \/>\t\t\t\t\t\t\t\t<\/a>\n\t\t\t\t\t\t\t\t\t\t\t\t\t\t\t<\/div>\n\t\t\t\t<\/div>\n\t\t\t\t\t<\/div>\n\t\t<\/div>\n\t\t\t\t<div class=\"elementor-column elementor-col-66 elementor-top-column elementor-element elementor-element-b1f4b93\" data-id=\"b1f4b93\" data-element_type=\"column\">\n\t\t\t<div class=\"elementor-widget-wrap elementor-element-populated\">\n\t\t\t\t\t\t<div class=\"elementor-element elementor-element-7fddc4d elementor-widget elementor-widget-text-editor\" data-id=\"7fddc4d\" data-element_type=\"widget\" data-widget_type=\"text-editor.default\">\n\t\t\t\t<div class=\"elementor-widget-container\">\n\t\t\t\t\t\t\t\t\t<h5>Institut del Teatre<\/h5><p><span class=\"goog-text-highlight\">Cr\u00e9\u00e9 par la Diputaci\u00f3 de Barcelone en 1913, l'Institut del Teatre poss\u00e8de plus de cent ans d'histoire en tant que centre d\u00e9di\u00e9 \u00e0 l'enseignement, \u00e0 la cr\u00e9ation, \u00e0 la recherche et \u00e0 la conservation du patrimoine dans le domaine des arts du spectacle. Au cours de toutes ces ann\u00e9es, il a jou\u00e9 un r\u00f4le d\u00e9terminant dans la modernisation de la sc\u00e8ne th\u00e9\u00e2trale catalane.<\/span><\/p><p><span class=\"goog-text-highlight\">\u00a0<\/span><\/p>\t\t\t\t\t\t\t\t<\/div>\n\t\t\t\t<\/div>\n\t\t\t\t\t<\/div>\n\t\t<\/div>\n\t\t\t\t\t<\/div>\n\t\t<\/section>\n\t\t\t\t<section class=\"elementor-section elementor-top-section elementor-element elementor-element-b53dc38 elementor-section-boxed elementor-section-height-default elementor-section-height-default\" data-id=\"b53dc38\" data-element_type=\"section\">\n\t\t\t\t\t\t<div class=\"elementor-container elementor-column-gap-default\">\n\t\t\t\t\t<div class=\"elementor-column elementor-col-33 elementor-top-column elementor-element elementor-element-2a772c2\" data-id=\"2a772c2\" data-element_type=\"column\">\n\t\t\t<div class=\"elementor-widget-wrap elementor-element-populated\">\n\t\t\t\t\t\t<div class=\"elementor-element elementor-element-ead2d7a elementor-absolute elementor-widget elementor-widget-image\" data-id=\"ead2d7a\" data-element_type=\"widget\" data-settings=\"{&quot;_position&quot;:&quot;absolute&quot;}\" data-widget_type=\"image.default\">\n\t\t\t\t<div class=\"elementor-widget-container\">\n\t\t\t\t\t\t\t\t\t\t\t\t\t\t\t\t<a href=\"http:\/\/www.lmta.lt\">\n\t\t\t\t\t\t\t<img loading=\"lazy\" decoding=\"async\" width=\"649\" height=\"649\" src=\"https:\/\/www.ecoledesecoles.eu\/wp-content\/uploads\/2020\/01\/LMTA_zenklas-linijinis-pozityvinis-00000002.jpg\" class=\"elementor-animation-shrink attachment-large size-large wp-image-1448\" alt=\"\" srcset=\"https:\/\/www.ecoledesecoles.eu\/wp-content\/uploads\/2020\/01\/LMTA_zenklas-linijinis-pozityvinis-00000002.jpg 649w, https:\/\/www.ecoledesecoles.eu\/wp-content\/uploads\/2020\/01\/LMTA_zenklas-linijinis-pozityvinis-00000002-150x150.jpg 150w, https:\/\/www.ecoledesecoles.eu\/wp-content\/uploads\/2020\/01\/LMTA_zenklas-linijinis-pozityvinis-00000002-300x300.jpg 300w\" sizes=\"(max-width: 649px) 100vw, 649px\" \/>\t\t\t\t\t\t\t\t<\/a>\n\t\t\t\t\t\t\t\t\t\t\t\t\t\t\t<\/div>\n\t\t\t\t<\/div>\n\t\t\t\t\t<\/div>\n\t\t<\/div>\n\t\t\t\t<div class=\"elementor-column elementor-col-66 elementor-top-column elementor-element elementor-element-8ee1462\" data-id=\"8ee1462\" data-element_type=\"column\">\n\t\t\t<div class=\"elementor-widget-wrap elementor-element-populated\">\n\t\t\t\t\t\t<div class=\"elementor-element elementor-element-a38e1b5 elementor-widget elementor-widget-text-editor\" data-id=\"a38e1b5\" data-element_type=\"widget\" data-widget_type=\"text-editor.default\">\n\t\t\t\t<div class=\"elementor-widget-container\">\n\t\t\t\t\t\t\t\t\t<h5>Lithuanian Academy of Music and Theatre<\/h5><p>La Facult\u00e9 de Th\u00e9\u00e2tre et de Cin\u00e9ma forme des sp\u00e9cialistes hautement qualifi\u00e9s en th\u00e9\u00e2tre, danse, cin\u00e9ma, histoire et th\u00e9orie de l'art, ainsi qu'en gestion des arts. La facult\u00e9 a \u00e9t\u00e9 cr\u00e9\u00e9e en 1991 et, \u00e0 ses d\u00e9buts, formait principalement des acteurs de th\u00e9\u00e2tre dramatique. Cependant, au fil des d\u00e9cennies, elle est devenue le principal centre en Lituanie pour la formation des professionnels de la sc\u00e8ne, du cin\u00e9ma et des professions connexes.<\/p><p>\u00a0<\/p>\t\t\t\t\t\t\t\t<\/div>\n\t\t\t\t<\/div>\n\t\t\t\t\t<\/div>\n\t\t<\/div>\n\t\t\t\t\t<\/div>\n\t\t<\/section>\n\t\t\t\t<section class=\"elementor-section elementor-top-section elementor-element elementor-element-3e39fc8 elementor-section-boxed elementor-section-height-default elementor-section-height-default\" data-id=\"3e39fc8\" data-element_type=\"section\">\n\t\t\t\t\t\t<div class=\"elementor-container elementor-column-gap-default\">\n\t\t\t\t\t<div class=\"elementor-column elementor-col-33 elementor-top-column elementor-element elementor-element-e378ee0\" data-id=\"e378ee0\" data-element_type=\"column\">\n\t\t\t<div class=\"elementor-widget-wrap elementor-element-populated\">\n\t\t\t\t\t\t<div class=\"elementor-element elementor-element-bf5f953 elementor-absolute elementor-widget elementor-widget-image\" data-id=\"bf5f953\" data-element_type=\"widget\" data-settings=\"{&quot;_position&quot;:&quot;absolute&quot;}\" data-widget_type=\"image.default\">\n\t\t\t\t<div class=\"elementor-widget-container\">\n\t\t\t\t\t\t\t\t\t\t\t\t\t\t\t\t<a href=\"http:\/\/www.manufacture.ch\/\">\n\t\t\t\t\t\t\t<img loading=\"lazy\" decoding=\"async\" width=\"413\" height=\"164\" src=\"https:\/\/www.ecoledesecoles.eu\/wp-content\/uploads\/2020\/01\/Manufacture-Website.png.jpg\" class=\"elementor-animation-shrink attachment-large size-large wp-image-1452\" alt=\"\" srcset=\"https:\/\/www.ecoledesecoles.eu\/wp-content\/uploads\/2020\/01\/Manufacture-Website.png.jpg 413w, https:\/\/www.ecoledesecoles.eu\/wp-content\/uploads\/2020\/01\/Manufacture-Website.png-300x119.jpg 300w\" sizes=\"(max-width: 413px) 100vw, 413px\" \/>\t\t\t\t\t\t\t\t<\/a>\n\t\t\t\t\t\t\t\t\t\t\t\t\t\t\t<\/div>\n\t\t\t\t<\/div>\n\t\t\t\t\t<\/div>\n\t\t<\/div>\n\t\t\t\t<div class=\"elementor-column elementor-col-66 elementor-top-column elementor-element elementor-element-5a236d0\" data-id=\"5a236d0\" data-element_type=\"column\">\n\t\t\t<div class=\"elementor-widget-wrap elementor-element-populated\">\n\t\t\t\t\t\t<div class=\"elementor-element elementor-element-ed747aa elementor-widget elementor-widget-text-editor\" data-id=\"ed747aa\" data-element_type=\"widget\" data-widget_type=\"text-editor.default\">\n\t\t\t\t<div class=\"elementor-widget-container\">\n\t\t\t\t\t\t\t\t\t<h5>La Manufacture<\/h5><p>La Manufacture est une \u00ab \u00e9cole-laboratoire \u00bb offrant aux jeunes artistes des domaines du th\u00e9\u00e2tre et de la danse un environnement pour cr\u00e9er et exp\u00e9rimenter. Ils s'entra\u00eenent sur les fondamentaux de leur art pour acqu\u00e9rir de l'autonomie, tout en explorant leur propre cr\u00e9ativit\u00e9 et les enjeux th\u00e9oriques et pratiques de la sc\u00e8ne artistique contemporaine. La Manufacture est membre des Hautes \u00c9coles sp\u00e9cialis\u00e9es et des Arts de l'Ouest de la Suisse (HES-SO). L'\u00e9cole d\u00e9livre des dipl\u00f4mes de Bachelor et de Master accr\u00e9dit\u00e9s, m\u00e8ne des projets de recherche et propose des formations continues dans le domaine des arts du spectacle.<\/p><p>\u00a0<\/p>\t\t\t\t\t\t\t\t<\/div>\n\t\t\t\t<\/div>\n\t\t\t\t\t<\/div>\n\t\t<\/div>\n\t\t\t\t\t<\/div>\n\t\t<\/section>\n\t\t\t\t<section class=\"elementor-section elementor-top-section elementor-element elementor-element-a5220f5 elementor-section-boxed elementor-section-height-default elementor-section-height-default\" data-id=\"a5220f5\" data-element_type=\"section\">\n\t\t\t\t\t\t<div class=\"elementor-container elementor-column-gap-default\">\n\t\t\t\t\t<div class=\"elementor-column elementor-col-33 elementor-top-column elementor-element elementor-element-c5ba03c\" data-id=\"c5ba03c\" data-element_type=\"column\">\n\t\t\t<div class=\"elementor-widget-wrap elementor-element-populated\">\n\t\t\t\t\t\t<div class=\"elementor-element elementor-element-8d870fa elementor-absolute elementor-widget elementor-widget-image\" data-id=\"8d870fa\" data-element_type=\"widget\" data-settings=\"{&quot;_position&quot;:&quot;absolute&quot;}\" data-widget_type=\"image.default\">\n\t\t\t\t<div class=\"elementor-widget-container\">\n\t\t\t\t\t\t\t\t\t\t\t\t\t\t\t<img loading=\"lazy\" decoding=\"async\" width=\"800\" height=\"206\" src=\"https:\/\/www.ecoledesecoles.eu\/wp-content\/uploads\/2020\/07\/KHIO-logo.png\" class=\"attachment-large size-large wp-image-1482\" alt=\"\" srcset=\"https:\/\/www.ecoledesecoles.eu\/wp-content\/uploads\/2020\/07\/KHIO-logo.png 800w, https:\/\/www.ecoledesecoles.eu\/wp-content\/uploads\/2020\/07\/KHIO-logo-300x77.png 300w, https:\/\/www.ecoledesecoles.eu\/wp-content\/uploads\/2020\/07\/KHIO-logo-768x198.png 768w\" sizes=\"(max-width: 800px) 100vw, 800px\" \/>\t\t\t\t\t\t\t\t\t\t\t\t\t\t\t<\/div>\n\t\t\t\t<\/div>\n\t\t\t\t\t<\/div>\n\t\t<\/div>\n\t\t\t\t<div class=\"elementor-column elementor-col-66 elementor-top-column elementor-element elementor-element-6bc0261\" data-id=\"6bc0261\" data-element_type=\"column\">\n\t\t\t<div class=\"elementor-widget-wrap elementor-element-populated\">\n\t\t\t\t\t\t<div class=\"elementor-element elementor-element-b3a8b77 elementor-widget elementor-widget-text-editor\" data-id=\"b3a8b77\" data-element_type=\"widget\" data-widget_type=\"text-editor.default\">\n\t\t\t\t<div class=\"elementor-widget-container\">\n\t\t\t\t\t\t\t\t\t<h5> Oslo National Academy of the Arts<\/h5>\n<p>Depuis sa fondation en 1953, l'Acad\u00e9mie de Th\u00e9\u00e2tre est la principale institution \u00e9ducative de Norv\u00e8ge pour les professions d'acteur. L'Acad\u00e9mie propose un cursus de Bachelor de trois ans pour les acteurs et les metteurs en sc\u00e8ne, ainsi qu'un Master de deux ans en th\u00e9\u00e2tre, sp\u00e9cialis\u00e9 en interpr\u00e9tation, direction, \u00e9criture de sc\u00e8ne et conception de sc\u00e8ne. <\/p>\n<p>L'Acad\u00e9mie int\u00e8gre \u00e0 la fois des techniques traditionnelles et exp\u00e9rimentales. Notre objectif principal est d'aider nos \u00e9tudiants \u00e0 d\u00e9velopper toutes les comp\u00e9tences n\u00e9cessaires pour une carri\u00e8re dans le th\u00e9\u00e2tre, en unissant l'artisanat traditionnel qui soutient depuis longtemps nos grandes institutions th\u00e9\u00e2trales avec le meilleur des techniques plus exp\u00e9rimentales et cr\u00e9atives issues du domaine ind\u00e9pendant.<\/p><p><br><\/p>\t\t\t\t\t\t\t\t<\/div>\n\t\t\t\t<\/div>\n\t\t\t\t\t<\/div>\n\t\t<\/div>\n\t\t\t\t\t<\/div>\n\t\t<\/section>\n\t\t\t\t<section class=\"elementor-section elementor-top-section elementor-element elementor-element-2f67a62 elementor-section-boxed elementor-section-height-default elementor-section-height-default\" data-id=\"2f67a62\" data-element_type=\"section\">\n\t\t\t\t\t\t<div class=\"elementor-container elementor-column-gap-default\">\n\t\t\t\t\t<div class=\"elementor-column elementor-col-33 elementor-top-column elementor-element elementor-element-b2b6818\" data-id=\"b2b6818\" data-element_type=\"column\">\n\t\t\t<div class=\"elementor-widget-wrap elementor-element-populated\">\n\t\t\t\t\t\t<div class=\"elementor-element elementor-element-263c48e elementor-widget elementor-widget-image\" data-id=\"263c48e\" data-element_type=\"widget\" data-widget_type=\"image.default\">\n\t\t\t\t<div class=\"elementor-widget-container\">\n\t\t\t\t\t\t\t\t\t\t\t\t\t\t\t\t<a href=\"http:\/\/www.uat.ro\">\n\t\t\t\t\t\t\t<img loading=\"lazy\" decoding=\"async\" width=\"270\" height=\"210\" src=\"https:\/\/www.ecoledesecoles.eu\/wp-content\/uploads\/2020\/01\/logo_uat.png\" class=\"elementor-animation-shrink attachment-large size-large wp-image-1454\" alt=\"\" \/>\t\t\t\t\t\t\t\t<\/a>\n\t\t\t\t\t\t\t\t\t\t\t\t\t\t\t<\/div>\n\t\t\t\t<\/div>\n\t\t\t\t\t<\/div>\n\t\t<\/div>\n\t\t\t\t<div class=\"elementor-column elementor-col-66 elementor-top-column elementor-element elementor-element-aa5d666\" data-id=\"aa5d666\" data-element_type=\"column\">\n\t\t\t<div class=\"elementor-widget-wrap elementor-element-populated\">\n\t\t\t\t\t\t<div class=\"elementor-element elementor-element-229d46b elementor-widget elementor-widget-text-editor\" data-id=\"229d46b\" data-element_type=\"widget\" data-widget_type=\"text-editor.default\">\n\t\t\t\t<div class=\"elementor-widget-container\">\n\t\t\t\t\t\t\t\t\t<h5>The University of Arts T\u00e2rgu-Mures<\/h5><p>L'Universit\u00e9 des Arts de T\u00e2rgu-Mure\u0219 forme des acteurs, des marionnettistes, des metteurs en sc\u00e8ne, des chor\u00e9graphes, des dramaturges, des critiques de th\u00e9\u00e2tre, des concepteurs et des enseignants de musique. L'Universit\u00e9 est \u00e9galement une institution qui poss\u00e8de un th\u00e9\u00e2tre et un th\u00e9\u00e2tre de marionnettes, lesquels organisent des repr\u00e9sentations artistiques professionnelles chaque saison.<\/p><p>\u00a0<\/p>\t\t\t\t\t\t\t\t<\/div>\n\t\t\t\t<\/div>\n\t\t\t\t\t<\/div>\n\t\t<\/div>\n\t\t\t\t\t<\/div>\n\t\t<\/section>\n\t\t\t\t<section class=\"elementor-section elementor-top-section elementor-element elementor-element-ce0899c elementor-section-boxed elementor-section-height-default elementor-section-height-default\" data-id=\"ce0899c\" data-element_type=\"section\">\n\t\t\t\t\t\t<div class=\"elementor-container elementor-column-gap-default\">\n\t\t\t\t\t<div class=\"elementor-column elementor-col-33 elementor-top-column elementor-element elementor-element-74b5d59\" data-id=\"74b5d59\" data-element_type=\"column\">\n\t\t\t<div class=\"elementor-widget-wrap elementor-element-populated\">\n\t\t\t\t\t\t<div class=\"elementor-element elementor-element-87753cb elementor-absolute elementor-widget elementor-widget-image\" data-id=\"87753cb\" data-element_type=\"widget\" data-settings=\"{&quot;_position&quot;:&quot;absolute&quot;}\" data-widget_type=\"image.default\">\n\t\t\t\t<div class=\"elementor-widget-container\">\n\t\t\t\t\t\t\t\t\t\t\t\t\t\t\t\t<a href=\"https:\/\/www.hfmt-hamburg.de\/theater\/\">\n\t\t\t\t\t\t\t<img loading=\"lazy\" decoding=\"async\" width=\"768\" height=\"707\" src=\"https:\/\/www.ecoledesecoles.eu\/wp-content\/uploads\/2019\/12\/HfMT_Theater_Logo_rgb-768x707.jpg\" class=\"elementor-animation-shrink attachment-medium_large size-medium_large wp-image-1439\" alt=\"\" srcset=\"https:\/\/www.ecoledesecoles.eu\/wp-content\/uploads\/2019\/12\/HfMT_Theater_Logo_rgb-768x707.jpg 768w, https:\/\/www.ecoledesecoles.eu\/wp-content\/uploads\/2019\/12\/HfMT_Theater_Logo_rgb-300x276.jpg 300w, https:\/\/www.ecoledesecoles.eu\/wp-content\/uploads\/2019\/12\/HfMT_Theater_Logo_rgb-1024x942.jpg 1024w\" sizes=\"(max-width: 768px) 100vw, 768px\" \/>\t\t\t\t\t\t\t\t<\/a>\n\t\t\t\t\t\t\t\t\t\t\t\t\t\t\t<\/div>\n\t\t\t\t<\/div>\n\t\t\t\t\t<\/div>\n\t\t<\/div>\n\t\t\t\t<div class=\"elementor-column elementor-col-66 elementor-top-column elementor-element elementor-element-c35d46f\" data-id=\"c35d46f\" data-element_type=\"column\">\n\t\t\t<div class=\"elementor-widget-wrap elementor-element-populated\">\n\t\t\t\t\t\t<div class=\"elementor-element elementor-element-8d35c02 elementor-widget elementor-widget-text-editor\" data-id=\"8d35c02\" data-element_type=\"widget\" data-widget_type=\"text-editor.default\">\n\t\t\t\t<div class=\"elementor-widget-container\">\n\t\t\t\t\t\t\t\t\t<h5>University of Music and Drama Hamburg <\/h5>\n<p>L'objectif de l'Universit\u00e9 est de s'appuyer sur ces deux aspects dans tous les domaines de son travail. Une r\u00e9flexion<br>sur le processus artistique est essentielle pour comprendre les relations en constante \u00e9volution entre l'art et la soci\u00e9t\u00e9, ainsi qu'entre la qu\u00eate de l'excellence et la responsabilit\u00e9. Ainsi, la th\u00e9orie et les connaissances sont essentielles \u00e0 la notion fondamentale de ce Leitmotiv.<\/p>\n<p><br><\/p>\t\t\t\t\t\t\t\t<\/div>\n\t\t\t\t<\/div>\n\t\t\t\t\t<\/div>\n\t\t<\/div>\n\t\t\t\t\t<\/div>\n\t\t<\/section>\n\t\t\t\t<section class=\"elementor-section elementor-top-section elementor-element elementor-element-4b680a7 elementor-section-boxed elementor-section-height-default elementor-section-height-default\" data-id=\"4b680a7\" data-element_type=\"section\">\n\t\t\t\t\t\t<div class=\"elementor-container elementor-column-gap-default\">\n\t\t\t\t\t<div class=\"elementor-column elementor-col-33 elementor-top-column elementor-element elementor-element-1beda67\" data-id=\"1beda67\" data-element_type=\"column\">\n\t\t\t<div class=\"elementor-widget-wrap elementor-element-populated\">\n\t\t\t\t\t\t<div class=\"elementor-element elementor-element-9687cee elementor-absolute elementor-widget elementor-widget-image\" data-id=\"9687cee\" data-element_type=\"widget\" data-settings=\"{&quot;_position&quot;:&quot;absolute&quot;}\" data-widget_type=\"image.default\">\n\t\t\t\t<div class=\"elementor-widget-container\">\n\t\t\t\t\t\t\t\t\t\t\t\t\t\t\t\t<a href=\"https:\/\/www.zhdk.ch\/en\/degree-programmes\/theatre\">\n\t\t\t\t\t\t\t<img loading=\"lazy\" decoding=\"async\" width=\"1024\" height=\"683\" src=\"https:\/\/www.ecoledesecoles.eu\/wp-content\/uploads\/2019\/11\/2018_zhdk_logo_E_schwarz-e1574245260660-1024x683.jpg\" class=\"elementor-animation-shrink attachment-large size-large wp-image-1421\" alt=\"\" srcset=\"https:\/\/www.ecoledesecoles.eu\/wp-content\/uploads\/2019\/11\/2018_zhdk_logo_E_schwarz-e1574245260660-1024x683.jpg 1024w, https:\/\/www.ecoledesecoles.eu\/wp-content\/uploads\/2019\/11\/2018_zhdk_logo_E_schwarz-e1574245260660-300x200.jpg 300w, https:\/\/www.ecoledesecoles.eu\/wp-content\/uploads\/2019\/11\/2018_zhdk_logo_E_schwarz-e1574245260660-768x512.jpg 768w\" sizes=\"(max-width: 1024px) 100vw, 1024px\" \/>\t\t\t\t\t\t\t\t<\/a>\n\t\t\t\t\t\t\t\t\t\t\t\t\t\t\t<\/div>\n\t\t\t\t<\/div>\n\t\t\t\t\t<\/div>\n\t\t<\/div>\n\t\t\t\t<div class=\"elementor-column elementor-col-66 elementor-top-column elementor-element elementor-element-449e9a2\" data-id=\"449e9a2\" data-element_type=\"column\">\n\t\t\t<div class=\"elementor-widget-wrap elementor-element-populated\">\n\t\t\t\t\t\t<div class=\"elementor-element elementor-element-c6595d3 elementor-widget elementor-widget-text-editor\" data-id=\"c6595d3\" data-element_type=\"widget\" data-widget_type=\"text-editor.default\">\n\t\t\t\t<div class=\"elementor-widget-container\">\n\t\t\t\t\t\t\t\t\t<h5>Zurich University of the Arts<\/h5><p>L'Universit\u00e9 des Arts de Zurich est l'une des principales universit\u00e9s des arts en Europe. Le programme d'\u00e9tudes et de recherche couvre les domaines du design, du cin\u00e9ma, des beaux-arts, de la musique, de la danse, du th\u00e9\u00e2tre, des \u00e9tudes transdisciplinaires et de l'enseignement des arts et du design.<\/p><p>\u00a0<\/p>\t\t\t\t\t\t\t\t<\/div>\n\t\t\t\t<\/div>\n\t\t\t\t\t<\/div>\n\t\t<\/div>\n\t\t\t\t\t<\/div>\n\t\t<\/section>\n\t\t\t\t<\/div>","protected":false},"excerpt":{"rendered":"<p>Partner schools Photo \u00a9 Accademia dei Filodrammatici Our partner schools Accademia dei Filodrammatici di Milano Founded in 1796, it is one of the oldest schools of Performing Arts in Europe, and also one of the founders of \u00c9coles des Ecoles.The school trains actors through courses of elocution, acting, speech, voice, movement, mask, modern dance, singing &hellip;<\/p>\n<p class=\"read-more\"> <a class=\"\" href=\"https:\/\/www.ecoledesecoles.eu\/fr\/services\/\"> <span class=\"screen-reader-text\">Services<\/span> Lire la suite\u00a0\u00bb<\/a><\/p>","protected":false},"author":6,"featured_media":0,"parent":0,"menu_order":0,"comment_status":"closed","ping_status":"closed","template":"","meta":{"_uag_custom_page_level_css":"","footnotes":""},"class_list":["post-1310","page","type-page","status-publish","hentry"],"uagb_featured_image_src":{"full":false,"thumbnail":false,"medium":false,"medium_large":false,"large":false,"1536x1536":false,"2048x2048":false,"trp-custom-language-flag":false},"uagb_author_info":{"display_name":"Gareth Higgins","author_link":"https:\/\/www.ecoledesecoles.eu\/fr\/author\/guildhall-gareth\/"},"uagb_comment_info":0,"uagb_excerpt":"Partner schools Photo \u00a9 Accademia dei Filodrammatici Our partner schools Accademia dei Filodrammatici di Milano Founded in 1796, it is one of the oldest schools of Performing Arts in Europe, and also one of the founders of \u00c9coles des Ecoles.The school trains actors through courses of elocution, acting, speech, voice, movement, mask, modern dance, singing\u2026","_links":{"self":[{"href":"https:\/\/www.ecoledesecoles.eu\/fr\/wp-json\/wp\/v2\/pages\/1310","targetHints":{"allow":["GET"]}}],"collection":[{"href":"https:\/\/www.ecoledesecoles.eu\/fr\/wp-json\/wp\/v2\/pages"}],"about":[{"href":"https:\/\/www.ecoledesecoles.eu\/fr\/wp-json\/wp\/v2\/types\/page"}],"author":[{"embeddable":true,"href":"https:\/\/www.ecoledesecoles.eu\/fr\/wp-json\/wp\/v2\/users\/6"}],"replies":[{"embeddable":true,"href":"https:\/\/www.ecoledesecoles.eu\/fr\/wp-json\/wp\/v2\/comments?post=1310"}],"version-history":[{"count":13,"href":"https:\/\/www.ecoledesecoles.eu\/fr\/wp-json\/wp\/v2\/pages\/1310\/revisions"}],"predecessor-version":[{"id":1528,"href":"https:\/\/www.ecoledesecoles.eu\/fr\/wp-json\/wp\/v2\/pages\/1310\/revisions\/1528"}],"wp:attachment":[{"href":"https:\/\/www.ecoledesecoles.eu\/fr\/wp-json\/wp\/v2\/media?parent=1310"}],"curies":[{"name":"wp","href":"https:\/\/api.w.org\/{rel}","templated":true}]}}